{"id":73,"date":"2020-01-03T14:37:55","date_gmt":"2020-01-03T14:37:55","guid":{"rendered":"https:\/\/www.pv-vonat.hu\/?page_id=73"},"modified":"2020-05-19T20:49:52","modified_gmt":"2020-05-19T20:49:52","slug":"sinek-trafok-stb","status":"publish","type":"page","link":"https:\/\/www.pv-vonat.hu\/?page_id=73","title":{"rendered":"S\u00ednek, traf\u00f3k, stb&#8230;"},"content":{"rendered":"\t\t<div data-elementor-type=\"wp-page\" data-elementor-id=\"73\" class=\"elementor elementor-73\">\n\t\t\t\t\t\t<section class=\"elementor-section elementor-top-section elementor-element elementor-element-30acf56 elementor-section-full_width elementor-section-height-default elementor-section-height-default\" data-id=\"30acf56\" data-element_type=\"section\">\n\t\t\t\t\t\t<div class=\"elementor-container elementor-column-gap-default\">\n\t\t\t\t\t<div class=\"elementor-column elementor-col-100 elementor-top-column elementor-element elementor-element-2818c4e\" data-id=\"2818c4e\" data-element_type=\"column\">\n\t\t\t<div class=\"elementor-widget-wrap elementor-element-populated\">\n\t\t\t\t\t\t<div class=\"elementor-element elementor-element-a99aedd elementor-widget elementor-widget-text-editor\" data-id=\"a99aedd\" data-element_type=\"widget\" data-widget_type=\"text-editor.default\">\n\t\t\t\t<div class=\"elementor-widget-container\">\n\t\t\t\t\t\t\t<p><img fetchpriority=\"high\" decoding=\"async\" class=\"wp-image-899 alignleft\" src=\"https:\/\/www.pv-vonat.hu\/wp-content\/uploads\/2020\/02\/16-S\u00edn-pv-vonat-32-11.jpg\" alt=\"\" width=\"301\" height=\"203\" \/><strong>I.sz\u00e9ri\u00e1s vas-lemez s\u00ednek, legink\u00e1bb az El\u0151re csal\u00e1ddal ker\u00fcltek forgalomba, de l\u00e9tezett vas s\u00ednes Pann\u00f3na k\u00e9szlet is. Szigetel\u00e9s: presp\u00e1n (kem\u00e9ny kartonpap\u00edr). A talpf\u00e1kba ov\u00e1lis form\u00e1ba nyomott PV jelz\u00e9ssel. L\u00e9tezett: egyenes, csonka egyenes, szakaszol\u00f3 egyenes, csatlakoz\u00f3 egyenes, csatlakoz\u00f3\/szalaszol\u00f3 egyenes, \u00edves, csatlakoz\u00f3 \u00edves, jobbos-balos v\u00e1lt\u00f3k.<\/strong><\/p><p><strong>Az egyes darabok k\u00fcl\u00f6n is megv\u00e1s\u00e1rolhat\u00f3ak voltak az \u00datt\u00f6r\u0151\u00e1ruh\u00e1zban, a Mechanikai J\u00e1t\u00e9kboltban, az \u00c1llami P\u00e9nzver\u0151 \u00dcll\u0151i \u00fati boltj\u00e1ban, \u00e9s az orsz\u00e1g nagy j\u00e1t\u00e9kboltjaiban.<\/strong><\/p>\t\t\t\t\t\t<\/div>\n\t\t\t\t<\/div>\n\t\t\t\t\t<\/div>\n\t\t<\/div>\n\t\t\t\t\t<\/div>\n\t\t<\/section>\n\t\t\t\t<section class=\"elementor-section elementor-top-section elementor-element elementor-element-c85254a elementor-section-full_width elementor-section-height-default elementor-section-height-default\" data-id=\"c85254a\" data-element_type=\"section\">\n\t\t\t\t\t\t<div class=\"elementor-container elementor-column-gap-default\">\n\t\t\t\t\t<div class=\"elementor-column elementor-col-100 elementor-top-column elementor-element elementor-element-0b3576c\" data-id=\"0b3576c\" data-element_type=\"column\">\n\t\t\t<div class=\"elementor-widget-wrap elementor-element-populated\">\n\t\t\t\t\t\t<div class=\"elementor-element elementor-element-50d145e elementor-widget elementor-widget-text-editor\" data-id=\"50d145e\" data-element_type=\"widget\" data-widget_type=\"text-editor.default\">\n\t\t\t\t<div class=\"elementor-widget-container\">\n\t\t\t\t\t\t\t<p><img decoding=\"async\" class=\"wp-image-903 alignleft\" src=\"https:\/\/www.pv-vonat.hu\/wp-content\/uploads\/2020\/02\/16-S\u00edn-pv-vonat-611.jpg\" alt=\"\" width=\"300\" height=\"204\" \/><strong>II. sz\u00e9ri\u00e1s alum\u00ednium-bakelit s\u00ednek, ezeket m\u00e1r az El\u0151re csal\u00e1d II. sz\u00e9ri\u00e1j\u00e1n\u00e1l is haszn\u00e1lt\u00e1k, majd a Pann\u00f3nia \u00e9s Helikon csal\u00e1dokhoz is legt\u00f6bbsz\u00f6r ezt adt\u00e1k. Anyag\u00e1ban szigetelt. A talpf\u00e1ba \u00f6nt\u00f6tt h\u00e1romsz\u00f6gben PV jelz\u00e9ssel. S\u00ednkapoccsal kapcsolhat\u00f3 egym\u00e1sba. L\u00e9tezett: egyenes, csonka egyenes, szakaszol\u00f3 egyenes, csatlakoz\u00f3 egyenes, csatlakoz\u00f3\/szakaszol\u00f3 egyenes, \u00edves, csatlakoz\u00f3 \u00edves, jobbos-balos v\u00e1lt\u00f3k.\u00a0Az egyes darabok k\u00fcl\u00f6n is megv\u00e1s\u00e1rolhat\u00f3ak voltak a fentebb \u00edrt helyeken.<\/strong><\/p>\t\t\t\t\t\t<\/div>\n\t\t\t\t<\/div>\n\t\t\t\t\t<\/div>\n\t\t<\/div>\n\t\t\t\t\t<\/div>\n\t\t<\/section>\n\t\t\t\t<section class=\"elementor-section elementor-top-section elementor-element elementor-element-a5f5b80 elementor-section-full_width elementor-section-height-default elementor-section-height-default\" data-id=\"a5f5b80\" data-element_type=\"section\">\n\t\t\t\t\t\t<div class=\"elementor-container elementor-column-gap-default\">\n\t\t\t\t\t<div class=\"elementor-column elementor-col-100 elementor-top-column elementor-element elementor-element-b08a900\" data-id=\"b08a900\" data-element_type=\"column\">\n\t\t\t<div class=\"elementor-widget-wrap elementor-element-populated\">\n\t\t\t\t\t\t<div class=\"elementor-element elementor-element-0d01561 elementor-widget elementor-widget-text-editor\" data-id=\"0d01561\" data-element_type=\"widget\" data-widget_type=\"text-editor.default\">\n\t\t\t\t<div class=\"elementor-widget-container\">\n\t\t\t\t\t\t\t<p><img decoding=\"async\" class=\" wp-image-983 alignleft\" src=\"https:\/\/www.pv-vonat.hu\/wp-content\/uploads\/2020\/03\/15-Traf\u00f3-pv-vonat-1-11.jpg\" alt=\"\" width=\"300\" height=\"205\" \/><strong>I. sz\u00e9ri\u00e1s El\u0151re traf\u00f3 korai v\u00e1ltozat. <br \/>Bemeneti (h\u00e1l\u00f3zati) fesz\u00fclts\u00e9g 110V vagy 220V\u00a0 amit a tetej\u00e9n l\u00e9v\u0151 kis csavarral lehet v\u00e1lasztani. Kimen\u0151 fesz\u00fclts\u00e9g v\u00e1lt\u00f3\u00e1ram 0-18V k\u00f6z\u00f6tt kis piros karral emelhet\u0151. Be\u00e9p\u00edtett t\u00fal\u00e1ramv\u00e9delem (z\u00e1rlatv\u00e9delem).<br \/><\/strong><\/p>\t\t\t\t\t\t<\/div>\n\t\t\t\t<\/div>\n\t\t\t\t\t<\/div>\n\t\t<\/div>\n\t\t\t\t\t<\/div>\n\t\t<\/section>\n\t\t\t\t<section class=\"elementor-section elementor-top-section elementor-element elementor-element-0228ff0 elementor-section-full_width elementor-section-height-default elementor-section-height-default\" data-id=\"0228ff0\" data-element_type=\"section\">\n\t\t\t\t\t\t<div class=\"elementor-container elementor-column-gap-default\">\n\t\t\t\t\t<div class=\"elementor-column elementor-col-100 elementor-top-column elementor-element elementor-element-a804160\" data-id=\"a804160\" data-element_type=\"column\">\n\t\t\t<div class=\"elementor-widget-wrap elementor-element-populated\">\n\t\t\t\t\t\t<div class=\"elementor-element elementor-element-22e8abf elementor-widget elementor-widget-text-editor\" data-id=\"22e8abf\" data-element_type=\"widget\" data-widget_type=\"text-editor.default\">\n\t\t\t\t<div class=\"elementor-widget-container\">\n\t\t\t\t\t\t\t<p><img loading=\"lazy\" decoding=\"async\" class=\" wp-image-990 alignleft\" src=\"https:\/\/www.pv-vonat.hu\/wp-content\/uploads\/2020\/03\/15-Traf\u00f3-pv-vonat-300.jpg\" alt=\"\" width=\"301\" height=\"205\" \/><strong>II. sz\u00e9ri\u00e1s El\u0151re traf\u00f3. <br \/>Bemeneti fesz\u00fclts\u00e9g 220V (l\u00e9tezik 110V is ). Kimen\u0151 fesz\u00fclts\u00e9gek : <\/strong><strong>I. 20V v\u00e1lt\u00f3\u00e1ram \u00e1lland\u00f3. <\/strong><strong>II. 10V-20V v\u00e1lt\u00f3\u00e1ram teker\u0151gombbal emelhet\u0151. K\u00fcl\u00f6n-k\u00fcl\u00f6n t\u00fal\u00e1ramv\u00e9delemmel. <\/strong><\/p>\t\t\t\t\t\t<\/div>\n\t\t\t\t<\/div>\n\t\t\t\t\t<\/div>\n\t\t<\/div>\n\t\t\t\t\t<\/div>\n\t\t<\/section>\n\t\t\t\t<section class=\"elementor-section elementor-top-section elementor-element elementor-element-b475a34 elementor-section-full_width elementor-section-height-default elementor-section-height-default\" data-id=\"b475a34\" data-element_type=\"section\">\n\t\t\t\t\t\t<div class=\"elementor-container elementor-column-gap-default\">\n\t\t\t\t\t<div class=\"elementor-column elementor-col-100 elementor-top-column elementor-element elementor-element-a119414\" data-id=\"a119414\" data-element_type=\"column\">\n\t\t\t<div class=\"elementor-widget-wrap elementor-element-populated\">\n\t\t\t\t\t\t<div class=\"elementor-element elementor-element-83c2c3d elementor-widget elementor-widget-text-editor\" data-id=\"83c2c3d\" data-element_type=\"widget\" data-widget_type=\"text-editor.default\">\n\t\t\t\t<div class=\"elementor-widget-container\">\n\t\t\t\t\t\t\t<p><img loading=\"lazy\" decoding=\"async\" class=\" wp-image-993 alignleft\" src=\"https:\/\/www.pv-vonat.hu\/wp-content\/uploads\/2020\/03\/15-Traf\u00f3-pv-vonat-511.jpg\" alt=\"\" width=\"301\" height=\"205\" \/><strong>III. sz\u00e9ri\u00e1s El\u0151re traf\u00f3k. <br \/>Bemeneti fesz\u00fclts\u00e9g 220V (l\u00e9tezik 110V is ). Kimen\u0151 fesz\u00fclts\u00e9gek: I. 20V v\u00e1lt\u00f3\u00e1ram \u00e1lland\u00f3. II. 10V-20V v\u00e1lt\u00f3\u00e1ram teker\u0151gombbal emelhet\u0151. Egys\u00e9ges\u00edtett t\u00fal\u00e1ramv\u00e9delemmel.<\/strong><\/p>\t\t\t\t\t\t<\/div>\n\t\t\t\t<\/div>\n\t\t\t\t\t<\/div>\n\t\t<\/div>\n\t\t\t\t\t<\/div>\n\t\t<\/section>\n\t\t\t\t<section class=\"elementor-section elementor-top-section elementor-element elementor-element-e9a081c elementor-section-full_width elementor-section-height-default elementor-section-height-default\" data-id=\"e9a081c\" data-element_type=\"section\">\n\t\t\t\t\t\t<div class=\"elementor-container elementor-column-gap-default\">\n\t\t\t\t\t<div class=\"elementor-column elementor-col-100 elementor-top-column elementor-element elementor-element-6649d89\" data-id=\"6649d89\" data-element_type=\"column\">\n\t\t\t<div class=\"elementor-widget-wrap elementor-element-populated\">\n\t\t\t\t\t\t<div class=\"elementor-element elementor-element-57766b4 elementor-widget elementor-widget-text-editor\" data-id=\"57766b4\" data-element_type=\"widget\" data-widget_type=\"text-editor.default\">\n\t\t\t\t<div class=\"elementor-widget-container\">\n\t\t\t\t\t\t\t<p><img loading=\"lazy\" decoding=\"async\" class=\" wp-image-997 alignleft\" src=\"https:\/\/www.pv-vonat.hu\/wp-content\/uploads\/2020\/03\/15-Traf\u00f3-pv-vonat-711.jpg\" alt=\"\" width=\"300\" height=\"204\" \/><strong>Pann\u00f3nia traf\u00f3. <br \/>Bemeneti fesz\u00fclts\u00e9g 220V (l\u00e9tezik 110V is).\u00a0 Kimen\u0151 fesz\u00fclts\u00e9gek: I. 24V v\u00e1lt\u00f3\u00e1ram \u00e1lland\u00f3. II. 16V-24V v\u00e1lt\u00f3\u00e1ram teker\u0151gombbal emelhet\u0151. Egys\u00e9ges\u00edtett t\u00fal\u00e1ramv\u00e9delem.<br \/><\/strong><\/p><p><strong><span style=\"text-decoration: underline;\">FIGYELEM<\/span>: Hozz\u00e1kapcsolt ir\u00e1ny\u00edt\u00f3doboz n\u00e9lk\u00fcl nem m\u0171k\u00f6dtethet\u0151 vele a Pann\u00f3nia mozdony, mert egyen\u00e1ram\u00fa motorok hajtj\u00e1k.<\/strong><\/p>\t\t\t\t\t\t<\/div>\n\t\t\t\t<\/div>\n\t\t\t\t\t<\/div>\n\t\t<\/div>\n\t\t\t\t\t<\/div>\n\t\t<\/section>\n\t\t\t\t<section class=\"elementor-section elementor-top-section elementor-element elementor-element-2eadd05 elementor-section-full_width elementor-section-height-default elementor-section-height-default\" data-id=\"2eadd05\" data-element_type=\"section\">\n\t\t\t\t\t\t<div class=\"elementor-container elementor-column-gap-default\">\n\t\t\t\t\t<div class=\"elementor-column elementor-col-100 elementor-top-column elementor-element elementor-element-bde215e\" data-id=\"bde215e\" data-element_type=\"column\">\n\t\t\t<div class=\"elementor-widget-wrap elementor-element-populated\">\n\t\t\t\t\t\t<div class=\"elementor-element elementor-element-e1282f4 elementor-widget elementor-widget-text-editor\" data-id=\"e1282f4\" data-element_type=\"widget\" data-widget_type=\"text-editor.default\">\n\t\t\t\t<div class=\"elementor-widget-container\">\n\t\t\t\t\t\t\t<p><img loading=\"lazy\" decoding=\"async\" class=\" wp-image-1003 alignleft\" src=\"https:\/\/www.pv-vonat.hu\/wp-content\/uploads\/2020\/03\/15-Traf\u00f3-pv-vonat-911.jpg\" alt=\"\" width=\"301\" height=\"203\" \/><strong>Pann\u00f3nia ir\u00e1ny\u00edt\u00f3doboz. <br \/>A benne l\u00e9v\u0151 szel\u00e9nek v\u00e9gzik a v\u00e1lt\u00f3\u00e1ram egyen\u00e1ramm\u00e1 alak\u00edt\u00e1s\u00e1t. <br \/>A piros gombokkal a v\u00e1lt\u00f3kat \u00e9s a kocsikapcsol\u00f3kat lehet m\u0171k\u00f6dtetni, valamint egy mozdony meg\u00e1ll\u00edt\u00f3 STOP gombja is van.<br \/><\/strong><strong>A h\u00e1rom kisebb billen\u0151kapcsol\u00f3val az egykit\u00e9r\u0151s p\u00e1ly\u00e1t h\u00e1rom szakaszra lehet osztani, (szakaszol\u00f3 kapcsol\u00f3k).<br \/><\/strong><strong>A nagy billen\u0151kapcsol\u00f3val az ir\u00e1nyv\u00e1lt\u00e1st kapcsolhatjuk.<br \/><\/strong><\/p>\t\t\t\t\t\t<\/div>\n\t\t\t\t<\/div>\n\t\t\t\t\t<\/div>\n\t\t<\/div>\n\t\t\t\t\t<\/div>\n\t\t<\/section>\n\t\t\t\t<section class=\"elementor-section elementor-top-section elementor-element elementor-element-37e0cae elementor-section-full_width elementor-section-height-default elementor-section-height-default\" data-id=\"37e0cae\" data-element_type=\"section\">\n\t\t\t\t\t\t<div class=\"elementor-container elementor-column-gap-default\">\n\t\t\t\t\t<div class=\"elementor-column elementor-col-100 elementor-top-column elementor-element elementor-element-ba3e86c\" data-id=\"ba3e86c\" data-element_type=\"column\">\n\t\t\t<div class=\"elementor-widget-wrap elementor-element-populated\">\n\t\t\t\t\t\t<div class=\"elementor-element elementor-element-f3a32bc elementor-widget elementor-widget-text-editor\" data-id=\"f3a32bc\" data-element_type=\"widget\" data-widget_type=\"text-editor.default\">\n\t\t\t\t<div class=\"elementor-widget-container\">\n\t\t\t\t\t\t\t<p><img loading=\"lazy\" decoding=\"async\" class=\" wp-image-1008 alignleft\" src=\"https:\/\/www.pv-vonat.hu\/wp-content\/uploads\/2020\/03\/15-Traf\u00f3-pv-vonat-1311.jpg\" alt=\"\" width=\"301\" height=\"203\" \/><strong>Helikon traf\u00f3. <br \/>Bemeneti fesz\u00fclts\u00e9g 220V (l\u00e9tezik 110V is ). Kimen\u0151 fesz\u00fclts\u00e9g I. 20V v\u00e1lt\u00f3\u00e1ram II. 11V-16V egyen\u00e1ram teker\u0151gombbal emelhet\u0151. Egys\u00e9ges\u00edtett t\u00fal\u00e1ramv\u00e9delem. <br \/>A fels\u0151 kis teker\u0151gombbal az ir\u00e1nyv\u00e1lt\u00e1st lehet kapcsolni.<br \/><\/strong><\/p>\t\t\t\t\t\t<\/div>\n\t\t\t\t<\/div>\n\t\t\t\t\t<\/div>\n\t\t<\/div>\n\t\t\t\t\t<\/div>\n\t\t<\/section>\n\t\t\t\t<\/div>\n\t\t","protected":false},"excerpt":{"rendered":"<p>I.sz\u00e9ri\u00e1s vas-lemez s\u00ednek, legink\u00e1bb az El\u0151re csal\u00e1ddal ker\u00fcltek forgalomba, de l\u00e9tezett vas s\u00ednes Pann\u00f3na k\u00e9szlet is. Szigetel\u00e9s: presp\u00e1n (kem\u00e9ny kartonpap\u00edr). A talpf\u00e1kba ov\u00e1lis form\u00e1ba nyomott PV jelz\u00e9ssel. L\u00e9tezett: egyenes, csonka egyenes, szakaszol\u00f3 egyenes, csatlakoz\u00f3 egyenes, csatlakoz\u00f3\/szalaszol\u00f3 egyenes, \u00edves, csatlakoz\u00f3 \u00edves, &hellip; <a href=\"https:\/\/www.pv-vonat.hu\/?page_id=73\">Egy kattint\u00e1s ide a folytat\u00e1shoz&#8230;. <span class=\"meta-nav\">&rarr;<\/span><\/a><\/p>\n","protected":false},"author":1,"featured_media":0,"parent":0,"menu_order":0,"comment_status":"closed","ping_status":"closed","template":"","meta":{"ngg_post_thumbnail":0,"footnotes":""},"_links":{"self":[{"href":"https:\/\/www.pv-vonat.hu\/index.php?rest_route=\/wp\/v2\/pages\/73"}],"collection":[{"href":"https:\/\/www.pv-vonat.hu\/index.php?rest_route=\/wp\/v2\/pages"}],"about":[{"href":"https:\/\/www.pv-vonat.hu\/index.php?rest_route=\/wp\/v2\/types\/page"}],"author":[{"embeddable":true,"href":"https:\/\/www.pv-vonat.hu\/index.php?rest_route=\/wp\/v2\/users\/1"}],"replies":[{"embeddable":true,"href":"https:\/\/www.pv-vonat.hu\/index.php?rest_route=%2Fwp%2Fv2%2Fcomments&post=73"}],"version-history":[{"count":34,"href":"https:\/\/www.pv-vonat.hu\/index.php?rest_route=\/wp\/v2\/pages\/73\/revisions"}],"predecessor-version":[{"id":1060,"href":"https:\/\/www.pv-vonat.hu\/index.php?rest_route=\/wp\/v2\/pages\/73\/revisions\/1060"}],"wp:attachment":[{"href":"https:\/\/www.pv-vonat.hu\/index.php?rest_route=%2Fwp%2Fv2%2Fmedia&parent=73"}],"curies":[{"name":"wp","href":"https:\/\/api.w.org\/{rel}","templated":true}]}}